{"id":1443,"date":"2024-04-21T18:08:13","date_gmt":"2024-04-21T16:08:13","guid":{"rendered":"https:\/\/gruene-weissach.de\/?page_id=1443"},"modified":"2024-05-13T14:14:16","modified_gmt":"2024-05-13T12:14:16","slug":"unsere-kandidatinnen-fuer-den-gemeinderat","status":"publish","type":"page","link":"https:\/\/gruene-weissach.de\/?page_id=1443","title":{"rendered":"Unsere Kandidat*innen f\u00fcr den Gemeinderat"},"content":{"rendered":"<p><strong>\u00a0<\/strong><\/p>\n<p><a href=\"https:\/\/gruene-weissach.de\/?attachment_id=1492\" rel=\"attachment wp-att-1492\"><img loading=\"lazy\" decoding=\"async\" class=\"wp-image-1492 size-full alignnone\" src=\"https:\/\/gruene-weissach.de\/wp-content\/uploads\/2024\/05\/GrueneWeissach_Kandidaten-scaled.jpg\" alt=\"\" width=\"2560\" height=\"945\" srcset=\"https:\/\/gruene-weissach.de\/wp-content\/uploads\/2024\/05\/GrueneWeissach_Kandidaten-scaled.jpg 2560w, https:\/\/gruene-weissach.de\/wp-content\/uploads\/2024\/05\/GrueneWeissach_Kandidaten-400x148.jpg 400w, https:\/\/gruene-weissach.de\/wp-content\/uploads\/2024\/05\/GrueneWeissach_Kandidaten-800x295.jpg 800w, https:\/\/gruene-weissach.de\/wp-content\/uploads\/2024\/05\/GrueneWeissach_Kandidaten-768x283.jpg 768w, https:\/\/gruene-weissach.de\/wp-content\/uploads\/2024\/05\/GrueneWeissach_Kandidaten-1536x567.jpg 1536w, https:\/\/gruene-weissach.de\/wp-content\/uploads\/2024\/05\/GrueneWeissach_Kandidaten-2048x756.jpg 2048w\" sizes=\"auto, (max-width: 2560px) 100vw, 2560px\" \/><\/a><\/p>\n<p>Hintere Reihe von links:<br \/>\nMichael Schumacher, Barbara Hodum, Fynn Zeyen, J\u00f6rg Herter, Jochen Clau\u00df, Pierre Michael, Joachim Sparakowski, Markus Hertel, Hermann Fauth, Marcel Rosenberger, Wolfgang Herdtle<\/p>\n<p>Vordere Reihe von links:<br \/>\nJohann Clau\u00df, Birgit Clau\u00df, Natalie Kaske, Dr. Angelika Br\u00fcmmer, Markus Rosenberger, Birgit Reu\u00df, Marion M\u00fcller<\/p>\n<p>&nbsp;<\/p>\n<hr \/>\n<p><strong>Pierre Michael<br \/>\n<\/strong>Gemeinderat, Fraktionsvorsitzender der Gr\u00fcnen<strong><br \/>\n<\/strong>Gymnasiallehrer<\/p>\n<p><a href=\"https:\/\/gruene-weissach.de\/?attachment_id=1447\" rel=\"attachment wp-att-1447\"><img loading=\"lazy\" decoding=\"async\" class=\"alignleft wp-image-1447 size-medium\" src=\"https:\/\/gruene-weissach.de\/wp-content\/uploads\/2024\/04\/PierreMichael_3-4-400x533.jpg\" alt=\"\" width=\"400\" height=\"533\" srcset=\"https:\/\/gruene-weissach.de\/wp-content\/uploads\/2024\/04\/PierreMichael_3-4-400x533.jpg 400w, https:\/\/gruene-weissach.de\/wp-content\/uploads\/2024\/04\/PierreMichael_3-4-800x1067.jpg 800w, https:\/\/gruene-weissach.de\/wp-content\/uploads\/2024\/04\/PierreMichael_3-4-768x1024.jpg 768w, https:\/\/gruene-weissach.de\/wp-content\/uploads\/2024\/04\/PierreMichael_3-4.jpg 1040w\" sizes=\"auto, (max-width: 400px) 100vw, 400px\" \/><\/a><\/p>\n<p><strong><span style=\"color: #282e21;\">Meine Hobbies und Interessen:<\/span><\/strong><\/p>\n<ul>\n<li>Fahrradfahren, H\u00f6rb\u00fccher, Skatspielen<\/li>\n<\/ul>\n<p class=\"western\"><span style=\"color: #282e21;\"><strong> Meine Schwerpunkte f\u00fcr den Gemeinderat:<\/strong> <\/span><\/p>\n<ul>\n<li>Neugestaltung Ortsmitte Weissach<\/li>\n<li>F\u00f6rderung eines Verkaufs f\u00fcr regionale Produkte<\/li>\n<li>Verbesserung der Fu\u00df- und Radwege<\/li>\n<li>Bedarfsgerechte Kinderbetreuung<\/li>\n<li>St\u00e4rkung und Erhaltung Schulstandorte und Schulformen<\/li>\n<li>Familienfreundliche Gemeinde<\/li>\n<\/ul>\n<p>&nbsp;<\/p>\n<p>&nbsp;<\/p>\n<p>&nbsp;<\/p>\n<p>&nbsp;<\/p>\n<p>&nbsp;<\/p>\n<p>&nbsp;<\/p>\n<p>&nbsp;<\/p>\n<hr \/>\n<p><strong>Dr. Angelika Br\u00fcmmer<br \/>\n<\/strong>Gemeinder\u00e4tin<br \/>\nDipl. Biologin und Tierheilpraktikerin<\/p>\n<p><a href=\"https:\/\/gruene-weissach.de\/?attachment_id=1445\" rel=\"attachment wp-att-1445\"><img loading=\"lazy\" decoding=\"async\" class=\"size-medium wp-image-1445 alignleft\" src=\"https:\/\/gruene-weissach.de\/wp-content\/uploads\/2024\/04\/AngelikaBruemmer_3-4-400x533.jpg\" alt=\"\" width=\"400\" height=\"533\" srcset=\"https:\/\/gruene-weissach.de\/wp-content\/uploads\/2024\/04\/AngelikaBruemmer_3-4-400x533.jpg 400w, https:\/\/gruene-weissach.de\/wp-content\/uploads\/2024\/04\/AngelikaBruemmer_3-4-800x1066.jpg 800w, https:\/\/gruene-weissach.de\/wp-content\/uploads\/2024\/04\/AngelikaBruemmer_3-4-768x1024.jpg 768w, https:\/\/gruene-weissach.de\/wp-content\/uploads\/2024\/04\/AngelikaBruemmer_3-4-1152x1536.jpg 1152w, https:\/\/gruene-weissach.de\/wp-content\/uploads\/2024\/04\/AngelikaBruemmer_3-4.jpg 1283w\" sizes=\"auto, (max-width: 400px) 100vw, 400px\" \/><\/a><\/p>\n<p class=\"western\"><strong><span style=\"color: #282e21;\">Meine Hobbies und Interessen:<\/span><\/strong><\/p>\n<ul>\n<li><span style=\"color: #1a1a1a;\">Reiten, mit dem Hund in der Natur unterwegs, G\u00e4rtnern, schwimmen, lesen und BUND-Vorstandsmitglied<\/span><\/li>\n<\/ul>\n<p class=\"western\"><span style=\"color: #282e21;\"><strong>Meine Schwerpunkte f\u00fcr die Gemeinderatsarbeit:<\/strong> <\/span><\/p>\n<ul>\n<li><span style=\"color: #1a1a1a;\">Natur-, Arten- und Umweltschutz \u2013 Erhaltung des Naherholungswert<\/span><\/li>\n<li><span style=\"color: #1a1a1a;\">Enkeltaugliche Zukunft<\/span><\/li>\n<li><span style=\"color: #1a1a1a;\">Nachhaltigkeit auf allen Ebenen<\/span><\/li>\n<li><span style=\"color: #1a1a1a;\">F\u00f6rderung regenerativer Energien und W\u00e4rmegewinnung<\/span><\/li>\n<\/ul>\n<p>&nbsp;<\/p>\n<p>&nbsp;<\/p>\n<p>&nbsp;<\/p>\n<p>&nbsp;<\/p>\n<p>&nbsp;<\/p>\n<p>&nbsp;<\/p>\n<p>&nbsp;<\/p>\n<hr \/>\n<p><strong>Marcel Rosenberger<\/strong><br \/>\nKFZ-Mechatroniker<\/p>\n<p><a href=\"https:\/\/gruene-weissach.de\/?attachment_id=1446\" rel=\"attachment wp-att-1446\"><img loading=\"lazy\" decoding=\"async\" class=\"size-medium wp-image-1446 alignleft\" src=\"https:\/\/gruene-weissach.de\/wp-content\/uploads\/2024\/04\/MarcelRosenberger_3-4-400x533.jpg\" alt=\"\" width=\"400\" height=\"533\" srcset=\"https:\/\/gruene-weissach.de\/wp-content\/uploads\/2024\/04\/MarcelRosenberger_3-4-400x533.jpg 400w, https:\/\/gruene-weissach.de\/wp-content\/uploads\/2024\/04\/MarcelRosenberger_3-4-800x1066.jpg 800w, https:\/\/gruene-weissach.de\/wp-content\/uploads\/2024\/04\/MarcelRosenberger_3-4-768x1024.jpg 768w, https:\/\/gruene-weissach.de\/wp-content\/uploads\/2024\/04\/MarcelRosenberger_3-4-1152x1536.jpg 1152w, https:\/\/gruene-weissach.de\/wp-content\/uploads\/2024\/04\/MarcelRosenberger_3-4.jpg 1160w\" sizes=\"auto, (max-width: 400px) 100vw, 400px\" \/><\/a><\/p>\n<p class=\"western\"><strong><span style=\"color: #282e21;\">Meine Hobbies und Interessen:<\/span><\/strong><\/p>\n<ul>\n<li><span style=\"color: #282e21;\">Kraftsport<\/span><\/li>\n<li><span style=\"color: #282e21;\">Fahrzeugtechnik<\/span><\/li>\n<\/ul>\n<p class=\"western\"><span style=\"color: #282e21;\"><strong>Meine Schwerpunkte f\u00fcr die Gemeinderatsarbeit:<\/strong> <\/span><\/p>\n<ul>\n<li><span style=\"color: #282e21;\">Mobilit\u00e4tswende durch vielf\u00e4ltiges Mobilit\u00e4tsangebot erreichen \u2013 F\u00f6rderung OPNV kreis\u00fcbergreifend in alle Richtungen<\/span><\/li>\n<li><span style=\"color: #282e21;\">Interessenvertretung junger Menschen<\/span><\/li>\n<li><span style=\"color: #282e21;\">Innenentwicklung &#8211; Wohnraumschaffung f\u00fcr junge Menschen und Familien<\/span><\/li>\n<\/ul>\n<p>&nbsp;<\/p>\n<p>&nbsp;<\/p>\n<p>&nbsp;<\/p>\n<p>&nbsp;<\/p>\n<p>&nbsp;<\/p>\n<p>&nbsp;<\/p>\n<p>&nbsp;<\/p>\n<hr \/>\n<p><strong>Johanna Clau\u00df<\/strong><br \/>\nTechnikerin im Garten- und Landschaftsbau<\/p>\n<p><a href=\"https:\/\/gruene-weissach.de\/?attachment_id=1457\" rel=\"attachment wp-att-1457\"><img loading=\"lazy\" decoding=\"async\" class=\"size-medium wp-image-1457 alignleft\" src=\"https:\/\/gruene-weissach.de\/wp-content\/uploads\/2024\/04\/JohannaClauss_3-4-400x533.jpg\" alt=\"\" width=\"400\" height=\"533\" srcset=\"https:\/\/gruene-weissach.de\/wp-content\/uploads\/2024\/04\/JohannaClauss_3-4-400x533.jpg 400w, https:\/\/gruene-weissach.de\/wp-content\/uploads\/2024\/04\/JohannaClauss_3-4-800x1066.jpg 800w, https:\/\/gruene-weissach.de\/wp-content\/uploads\/2024\/04\/JohannaClauss_3-4-768x1024.jpg 768w, https:\/\/gruene-weissach.de\/wp-content\/uploads\/2024\/04\/JohannaClauss_3-4-1152x1536.jpg 1152w, https:\/\/gruene-weissach.de\/wp-content\/uploads\/2024\/04\/JohannaClauss_3-4.jpg 1159w\" sizes=\"auto, (max-width: 400px) 100vw, 400px\" \/><\/a><\/p>\n<p class=\"western\"><strong><span style=\"color: #282e21;\">Meine Hobbies und Interessen:<\/span><\/strong><\/p>\n<ul>\n<li><span style=\"color: #282e21;\">Fotografieren, Fahrradfahren und Gartenarbeit, BUND-Mitglied<\/span><\/li>\n<\/ul>\n<p class=\"western\"><strong><span style=\"color: #282e21;\">Meine Schwerpunkte f\u00fcr die Gemeinderatsarbeit<\/span><span style=\"color: #282e21;\">:<\/span><\/strong><\/p>\n<ul>\n<li><span style=\"color: #282e21;\">Zukunftsf\u00e4higer Naturschutz vor Ort<\/span><\/li>\n<li><span style=\"color: #282e21;\">Vorantreiben der Verkehrswende<\/span><\/li>\n<li><span style=\"color: #282e21;\">Erh\u00f6hung sowie \u00f6kologisch sinnvolle Gestaltung und der Freianlagen und Gr\u00fcnfl\u00e4chen in den Ortsmitten aber auch in der ganzen Kommune<\/span><\/li>\n<\/ul>\n<p>&nbsp;<\/p>\n<p>&nbsp;<\/p>\n<p>&nbsp;<\/p>\n<p>&nbsp;<\/p>\n<p>&nbsp;<\/p>\n<p>&nbsp;<\/p>\n<p>&nbsp;<\/p>\n<p>&nbsp;<\/p>\n<hr \/>\n<p><strong>Markus Rosenberger<\/strong><br \/>\nTechniker<\/p>\n<p><a href=\"https:\/\/gruene-weissach.de\/?attachment_id=1463\" rel=\"attachment wp-att-1463\"><img loading=\"lazy\" decoding=\"async\" class=\"size-medium wp-image-1463 alignleft\" src=\"https:\/\/gruene-weissach.de\/wp-content\/uploads\/2024\/04\/MarkusRosenberger_3-4-400x533.jpg\" alt=\"\" width=\"400\" height=\"533\" srcset=\"https:\/\/gruene-weissach.de\/wp-content\/uploads\/2024\/04\/MarkusRosenberger_3-4-400x533.jpg 400w, https:\/\/gruene-weissach.de\/wp-content\/uploads\/2024\/04\/MarkusRosenberger_3-4-800x1067.jpg 800w, https:\/\/gruene-weissach.de\/wp-content\/uploads\/2024\/04\/MarkusRosenberger_3-4-768x1024.jpg 768w, https:\/\/gruene-weissach.de\/wp-content\/uploads\/2024\/04\/MarkusRosenberger_3-4-1152x1536.jpg 1152w, https:\/\/gruene-weissach.de\/wp-content\/uploads\/2024\/04\/MarkusRosenberger_3-4.jpg 1187w\" sizes=\"auto, (max-width: 400px) 100vw, 400px\" \/><\/a><\/p>\n<p class=\"western\"><strong><span style=\"color: #282e21;\">Meine Hobbies und Interessen:<\/span><\/strong><\/p>\n<ul>\n<li><span style=\"color: #282e21;\">Eishockey, Musik, Konzerte, Festivals<\/span><\/li>\n<\/ul>\n<p class=\"western\"><strong><span style=\"color: #282e21;\">Meine Schwerpunkte f\u00fcr die Gemeinderatsarbeit<\/span><span style=\"color: #282e21;\">:<\/span><\/strong><\/p>\n<ul>\n<li><span style=\"color: #282e21;\">Inklusion und Barrierefreiheit in der Gemeinde<\/span><\/li>\n<li><span style=\"color: #282e21;\">Weitere Verbesserung \u00d6PNV auch f\u00fcr Menschen mit Behinderung<\/span><\/li>\n<li><span style=\"color: #282e21;\">Vorantreiben des Klimaschutzes \u2013 Hitzeschutzkonzept<\/span><\/li>\n<li><span style=\"color: #282e21;\">St\u00e4rkung Vereinsleben und Ehrenamt<\/span><\/li>\n<\/ul>\n<p>&nbsp;<\/p>\n<p>&nbsp;<\/p>\n<p>&nbsp;<\/p>\n<p>&nbsp;<\/p>\n<p>&nbsp;<\/p>\n<p>&nbsp;<\/p>\n<p>&nbsp;<\/p>\n<p>&nbsp;<\/p>\n<hr \/>\n<p><strong>J\u00f6rg Herter<\/strong><br \/>\nBankkaufmann<\/p>\n<p><a href=\"https:\/\/gruene-weissach.de\/?attachment_id=1460\" rel=\"attachment wp-att-1460\"><img loading=\"lazy\" decoding=\"async\" class=\"size-medium wp-image-1460 alignleft\" src=\"https:\/\/gruene-weissach.de\/wp-content\/uploads\/2024\/04\/JoergHerter_3-4-400x533.jpg\" alt=\"\" width=\"400\" height=\"533\" srcset=\"https:\/\/gruene-weissach.de\/wp-content\/uploads\/2024\/04\/JoergHerter_3-4-400x533.jpg 400w, https:\/\/gruene-weissach.de\/wp-content\/uploads\/2024\/04\/JoergHerter_3-4-800x1066.jpg 800w, https:\/\/gruene-weissach.de\/wp-content\/uploads\/2024\/04\/JoergHerter_3-4-768x1024.jpg 768w, https:\/\/gruene-weissach.de\/wp-content\/uploads\/2024\/04\/JoergHerter_3-4-1152x1536.jpg 1152w, https:\/\/gruene-weissach.de\/wp-content\/uploads\/2024\/04\/JoergHerter_3-4.jpg 1325w\" sizes=\"auto, (max-width: 400px) 100vw, 400px\" \/><\/a><\/p>\n<p class=\"western\"><strong><span style=\"color: #282e21;\">Meine Hobbies und Interessen:<\/span><\/strong><\/p>\n<ul>\n<li><span style=\"color: #282e21;\">Fu\u00dfball spielen, Umwelt- und Naturschutz, Gartenarbeit, Elektromobilit\u00e4t, Fahrradfahren und Wandern, BUND-Mitglied<\/span><\/li>\n<\/ul>\n<p class=\"western\"><strong><span style=\"color: #282e21;\">Meine Schwerpunkte f\u00fcr die Gemeinderatsarbeit<\/span><span style=\"color: #282e21;\">:<\/span><\/strong><\/p>\n<ul>\n<li><span style=\"color: #282e21;\">Ausbau erneuerbarer Energien und deren Speicherung<\/span><\/li>\n<li><span style=\"color: #282e21;\">Klimaschutz und Klimafolgeanpassungen<\/span><\/li>\n<li><span style=\"color: #282e21;\">Konsequenter Fl\u00e4chenschutz und sinnvoller Gebrauch der bestehenden Siedlungsfl\u00e4che<\/span><\/li>\n<li><span style=\"color: #282e21;\">Nachhaltige Innentwicklung etablieren, die sowohl \u00f6kologisch als auch sozialen und wirtschaftlichen Bed\u00fcrfnissen gerecht wird<\/span><\/li>\n<\/ul>\n<p>&nbsp;<\/p>\n<p>&nbsp;<\/p>\n<p>&nbsp;<\/p>\n<p>&nbsp;<\/p>\n<p>&nbsp;<\/p>\n<p>&nbsp;<\/p>\n<p>&nbsp;<\/p>\n<hr \/>\n<p><strong>Birgit Clau\u00df<\/strong><br \/>\nStreuobstp\u00e4dagogin<\/p>\n<p><a href=\"https:\/\/gruene-weissach.de\/?attachment_id=1453\" rel=\"attachment wp-att-1453\"><img loading=\"lazy\" decoding=\"async\" class=\"size-medium wp-image-1453 alignleft\" src=\"https:\/\/gruene-weissach.de\/wp-content\/uploads\/2024\/04\/BirgitClauss_3-4-400x533.jpg\" alt=\"\" width=\"400\" height=\"533\" srcset=\"https:\/\/gruene-weissach.de\/wp-content\/uploads\/2024\/04\/BirgitClauss_3-4-400x533.jpg 400w, https:\/\/gruene-weissach.de\/wp-content\/uploads\/2024\/04\/BirgitClauss_3-4-800x1066.jpg 800w, https:\/\/gruene-weissach.de\/wp-content\/uploads\/2024\/04\/BirgitClauss_3-4-768x1024.jpg 768w, https:\/\/gruene-weissach.de\/wp-content\/uploads\/2024\/04\/BirgitClauss_3-4-1152x1536.jpg 1152w, https:\/\/gruene-weissach.de\/wp-content\/uploads\/2024\/04\/BirgitClauss_3-4.jpg 1180w\" sizes=\"auto, (max-width: 400px) 100vw, 400px\" \/><\/a><\/p>\n<p class=\"western\"><strong><span style=\"color: #282e21;\">Meine Hobbies und Interessen:<\/span><\/strong><\/p>\n<ul>\n<li><span style=\"color: #282e21;\">Meine Pferde, Streuobstwiesen und Garten, Mittelalter, Umweltschutz, BUND-Vorstandsmitglied<\/span><\/li>\n<\/ul>\n<p class=\"western\"><strong><span style=\"color: #282e21;\">Meine Schwerpunkte f\u00fcr die Gemeinderatsarbeit<\/span><span style=\"color: #282e21;\">:<\/span><\/strong><\/p>\n<ul>\n<li><span style=\"color: #282e21;\">Klimaschutz- und Klimafolgeanpassungen <\/span><\/li>\n<li><span style=\"color: #282e21;\">Natur- und Umweltschutz \u2013 Erhalt des l\u00e4ndlichen Charakters<\/span><\/li>\n<li><span style=\"color: #282e21;\">Erhalt Streuobstwiesen<\/span><\/li>\n<li><span style=\"color: #282e21;\">Vermarktung regionaler Produkte<\/span><\/li>\n<\/ul>\n<p>&nbsp;<\/p>\n<p>&nbsp;<\/p>\n<p>&nbsp;<\/p>\n<p>&nbsp;<\/p>\n<p>&nbsp;<\/p>\n<p>&nbsp;<\/p>\n<p>&nbsp;<\/p>\n<p>&nbsp;<\/p>\n<hr \/>\n<p><strong>Michael Schumacher<\/strong><br \/>\nDipl. Ing. Maschinenbau<\/p>\n<p><a href=\"https:\/\/gruene-weissach.de\/?attachment_id=1464\" rel=\"attachment wp-att-1464\"><img loading=\"lazy\" decoding=\"async\" class=\"size-medium wp-image-1464 alignleft\" src=\"https:\/\/gruene-weissach.de\/wp-content\/uploads\/2024\/04\/MichaelSchumacher_3-4-400x533.jpg\" alt=\"\" width=\"400\" height=\"533\" srcset=\"https:\/\/gruene-weissach.de\/wp-content\/uploads\/2024\/04\/MichaelSchumacher_3-4-400x533.jpg 400w, https:\/\/gruene-weissach.de\/wp-content\/uploads\/2024\/04\/MichaelSchumacher_3-4-800x1066.jpg 800w, https:\/\/gruene-weissach.de\/wp-content\/uploads\/2024\/04\/MichaelSchumacher_3-4-768x1024.jpg 768w, https:\/\/gruene-weissach.de\/wp-content\/uploads\/2024\/04\/MichaelSchumacher_3-4.jpg 1138w\" sizes=\"auto, (max-width: 400px) 100vw, 400px\" \/><\/a><\/p>\n<p class=\"western\"><strong><span style=\"color: #282e21;\">Meine Hobbies und Interessen:<\/span><\/strong><\/p>\n<ul>\n<li><span style=\"color: #282e21;\">Geschichte, Zeitgeschehen und Europa<\/span><\/li>\n<\/ul>\n<p class=\"western\"><strong><span style=\"color: #282e21;\">Meine Schwerpunkte f\u00fcr die Gemeinderatsarbeit<\/span><span style=\"color: #282e21;\">:<\/span><\/strong><\/p>\n<ul>\n<li><span style=\"color: #282e21;\">Ausbau erneuerbarer Energien <\/span><\/li>\n<li><span style=\"color: #282e21;\">Energiewende gestalten<\/span><\/li>\n<li><span style=\"color: #282e21;\">Lokale W\u00e4rmeversorgung und Speicherm\u00f6glichkeiten<\/span><\/li>\n<\/ul>\n<p>&nbsp;<\/p>\n<p>&nbsp;<\/p>\n<p>&nbsp;<\/p>\n<p>&nbsp;<\/p>\n<p>&nbsp;<\/p>\n<p>&nbsp;<\/p>\n<p>&nbsp;<\/p>\n<p>&nbsp;<\/p>\n<p>&nbsp;<\/p>\n<hr \/>\n<p><strong>Jochen Clau\u00df<\/strong><br \/>\nIngenieur<\/p>\n<p><a href=\"https:\/\/gruene-weissach.de\/?attachment_id=1459\" rel=\"attachment wp-att-1459\"><img loading=\"lazy\" decoding=\"async\" class=\"size-medium wp-image-1459 alignleft\" src=\"https:\/\/gruene-weissach.de\/wp-content\/uploads\/2024\/04\/JochenClauss_3-4-400x533.jpg\" alt=\"\" width=\"400\" height=\"533\" srcset=\"https:\/\/gruene-weissach.de\/wp-content\/uploads\/2024\/04\/JochenClauss_3-4-400x533.jpg 400w, https:\/\/gruene-weissach.de\/wp-content\/uploads\/2024\/04\/JochenClauss_3-4-800x1066.jpg 800w, https:\/\/gruene-weissach.de\/wp-content\/uploads\/2024\/04\/JochenClauss_3-4-768x1023.jpg 768w, https:\/\/gruene-weissach.de\/wp-content\/uploads\/2024\/04\/JochenClauss_3-4.jpg 1016w\" sizes=\"auto, (max-width: 400px) 100vw, 400px\" \/><\/a><\/p>\n<p class=\"western\"><strong><span style=\"color: #282e21;\">Meine Hobbies und Interessen:<\/span><\/strong><\/p>\n<ul>\n<li><span style=\"color: #282e21;\">Basketball, Garten, Arbeiten mit Holz, Eisenbahn <\/span><\/li>\n<\/ul>\n<p class=\"western\"><strong><span style=\"color: #282e21;\">Meine Schwerpunkte f\u00fcr die Gemeinderatsarbeit<\/span><span style=\"color: #282e21;\">:<\/span><\/strong><\/p>\n<ul>\n<li><span style=\"color: #282e21;\">Naturschutz und Erhaltung unserer Kulturlandschaft<\/span><\/li>\n<li><span style=\"color: #282e21;\">\u00d6kologische Waldbewirtschaftung<\/span><\/li>\n<li><span style=\"color: #282e21;\">Verkehrs- und Mobilit\u00e4tswende<\/span><\/li>\n<\/ul>\n<p>&nbsp;<\/p>\n<p>&nbsp;<\/p>\n<p>&nbsp;<\/p>\n<p>&nbsp;<\/p>\n<p>&nbsp;<\/p>\n<p>&nbsp;<\/p>\n<p>&nbsp;<\/p>\n<p>&nbsp;<\/p>\n<p>&nbsp;<\/p>\n<hr \/>\n<p><strong>Barbara Hodum<\/strong><br \/>\nLehrerin<\/p>\n<p><a href=\"https:\/\/gruene-weissach.de\/?attachment_id=1452\" rel=\"attachment wp-att-1452\"><img loading=\"lazy\" decoding=\"async\" class=\"size-medium wp-image-1452 alignleft\" src=\"https:\/\/gruene-weissach.de\/wp-content\/uploads\/2024\/04\/BarbaraHodum_3-4-400x533.jpg\" alt=\"\" width=\"400\" height=\"533\" srcset=\"https:\/\/gruene-weissach.de\/wp-content\/uploads\/2024\/04\/BarbaraHodum_3-4-400x533.jpg 400w, https:\/\/gruene-weissach.de\/wp-content\/uploads\/2024\/04\/BarbaraHodum_3-4-800x1067.jpg 800w, https:\/\/gruene-weissach.de\/wp-content\/uploads\/2024\/04\/BarbaraHodum_3-4-768x1024.jpg 768w, https:\/\/gruene-weissach.de\/wp-content\/uploads\/2024\/04\/BarbaraHodum_3-4-1152x1536.jpg 1152w, https:\/\/gruene-weissach.de\/wp-content\/uploads\/2024\/04\/BarbaraHodum_3-4.jpg 1293w\" sizes=\"auto, (max-width: 400px) 100vw, 400px\" \/><\/a><\/p>\n<p class=\"western\"><strong><span style=\"color: #282e21;\">Meine Hobbies und Interessen:<\/span><\/strong><\/p>\n<ul>\n<li><span style=\"color: #282e21;\">Musizieren, Kunst, Kultur- und Musik in der Geschichte, fremde L\u00e4nder\/Herkunftsl\u00e4nder Gefl\u00fcchteter, Zeitgeschehen<\/span><\/li>\n<\/ul>\n<p class=\"western\"><strong><span style=\"color: #282e21;\">Meine Schwerpunkte f\u00fcr die Gemeinderatsarbeit<\/span><span style=\"color: #282e21;\">:<\/span><\/strong><\/p>\n<ul>\n<li><span style=\"color: #282e21;\">Jugend und Bildung<\/span><\/li>\n<li><span style=\"color: #282e21;\">Kulturf\u00f6rderung in der Gemeinde<\/span><\/li>\n<li><span style=\"color: #282e21;\">Naturschutz und Erhalt Naherholungswert<\/span><\/li>\n<\/ul>\n<p>&nbsp;<\/p>\n<p>&nbsp;<\/p>\n<p>&nbsp;<\/p>\n<p>&nbsp;<\/p>\n<p>&nbsp;<\/p>\n<p>&nbsp;<\/p>\n<p>&nbsp;<\/p>\n<p>&nbsp;<\/p>\n<hr \/>\n<p><strong>Birgit Reu\u00df<\/strong><br \/>\nErzieherin<\/p>\n<p><a href=\"https:\/\/gruene-weissach.de\/?attachment_id=1454\" rel=\"attachment wp-att-1454\"><img loading=\"lazy\" decoding=\"async\" class=\"size-medium wp-image-1454 alignleft\" src=\"https:\/\/gruene-weissach.de\/wp-content\/uploads\/2024\/04\/br_3-4-400x533.jpg\" alt=\"\" width=\"400\" height=\"533\" srcset=\"https:\/\/gruene-weissach.de\/wp-content\/uploads\/2024\/04\/br_3-4-400x533.jpg 400w, https:\/\/gruene-weissach.de\/wp-content\/uploads\/2024\/04\/br_3-4-800x1066.jpg 800w, https:\/\/gruene-weissach.de\/wp-content\/uploads\/2024\/04\/br_3-4-768x1024.jpg 768w, https:\/\/gruene-weissach.de\/wp-content\/uploads\/2024\/04\/br_3-4-1152x1536.jpg 1152w, https:\/\/gruene-weissach.de\/wp-content\/uploads\/2024\/04\/br_3-4.jpg 1240w\" sizes=\"auto, (max-width: 400px) 100vw, 400px\" \/><\/a><\/p>\n<p class=\"western\"><strong><span style=\"color: #282e21;\">Meine Hobbies und Interessen:<\/span><\/strong><\/p>\n<ul>\n<li><span style=\"color: #282e21;\">Lesen, schwimmen, wandern, meine Hunde und mein Pferd<\/span><\/li>\n<\/ul>\n<p class=\"western\"><strong><span style=\"color: #282e21;\">Meine Schwerpunkte f\u00fcr die Gemeinderatsarbeit<\/span><span style=\"color: #282e21;\">:<\/span><\/strong><\/p>\n<ul>\n<li><span style=\"color: #282e21;\">Erhalt und Erh\u00f6hung unserer Naherholungslandschaft<\/span><\/li>\n<li><span style=\"color: #282e21;\">Schutz der Natur und Verbesserung der Artenvielfalt<\/span><\/li>\n<li><span style=\"color: #282e21;\">zuverl\u00e4ssige und bedarfsgerechte Kinderbetreuung <\/span><\/li>\n<li><span style=\"color: #282e21;\">Erhaltung der Schulformen und Schulstandorte<\/span><\/li>\n<li><span style=\"color: #282e21;\">F\u00f6rderung Ehrenamt und B\u00fcrgernetzwerk<\/span><\/li>\n<\/ul>\n<p>&nbsp;<\/p>\n<p>&nbsp;<\/p>\n<p>&nbsp;<\/p>\n<p>&nbsp;<\/p>\n<p>&nbsp;<\/p>\n<p>&nbsp;<\/p>\n<p>&nbsp;<\/p>\n<p>&nbsp;<\/p>\n<hr \/>\n<p><strong>Joachim Sparakowski<\/strong><br \/>\nDipl. Informatiker<\/p>\n<p><a href=\"https:\/\/gruene-weissach.de\/?attachment_id=1458\" rel=\"attachment wp-att-1458\"><img loading=\"lazy\" decoding=\"async\" class=\"size-medium wp-image-1458 alignleft\" src=\"https:\/\/gruene-weissach.de\/wp-content\/uploads\/2024\/04\/JoachimSparakowski_3-4-400x533.jpg\" alt=\"\" width=\"400\" height=\"533\" srcset=\"https:\/\/gruene-weissach.de\/wp-content\/uploads\/2024\/04\/JoachimSparakowski_3-4-400x533.jpg 400w, https:\/\/gruene-weissach.de\/wp-content\/uploads\/2024\/04\/JoachimSparakowski_3-4-800x1067.jpg 800w, https:\/\/gruene-weissach.de\/wp-content\/uploads\/2024\/04\/JoachimSparakowski_3-4-768x1024.jpg 768w, https:\/\/gruene-weissach.de\/wp-content\/uploads\/2024\/04\/JoachimSparakowski_3-4-1152x1536.jpg 1152w, https:\/\/gruene-weissach.de\/wp-content\/uploads\/2024\/04\/JoachimSparakowski_3-4.jpg 1182w\" sizes=\"auto, (max-width: 400px) 100vw, 400px\" \/><\/a><\/p>\n<p class=\"western\"><strong><span style=\"color: #282e21;\">Meine Hobbies und Interessen:<\/span><\/strong><\/p>\n<ul>\n<li><span style=\"color: #282e21;\">Wandern, Radfahren, Gitarre lernen und spielen, Naturschutzthemen insbesondere Wald und Energie, Energiewende, BUND-Vorstandsmitglied<\/span><\/li>\n<\/ul>\n<p class=\"western\"><strong><span style=\"color: #282e21;\">Meine Schwerpunkte f\u00fcr die Gemeinderatsarbeit<\/span><span style=\"color: #282e21;\">:<\/span><\/strong><\/p>\n<ul>\n<li>\n<p class=\"western\"><span style=\"color: #282e21;\">Realisierung der Energiewende<\/span><\/p>\n<\/li>\n<li>\n<p class=\"western\">B\u00fcrgerbeteiligung bei der Nutzung der Windenergie<\/p>\n<\/li>\n<li>Windr\u00e4der und PV-Speicherung der Energie, wenn Dunkelflaute oder Winter<\/li>\n<\/ul>\n<ul>\n<li>Wald &#8211; Waldnutzung \u00e4ndern \u2013 Bannwald<\/li>\n<li>Friedwald in Zusammenarbeit mit Nachbargemeinden<\/li>\n<\/ul>\n<p>&nbsp;<\/p>\n<p>&nbsp;<\/p>\n<p>&nbsp;<\/p>\n<p>&nbsp;<\/p>\n<p>&nbsp;<\/p>\n<hr \/>\n<p><strong>Wolfgang Herdtle<\/strong><br \/>\nDipl. Wirtschaftsingenieur (FH)<\/p>\n<p><a href=\"https:\/\/gruene-weissach.de\/?attachment_id=1466\" rel=\"attachment wp-att-1466\"><img loading=\"lazy\" decoding=\"async\" class=\"size-medium wp-image-1466 alignleft\" src=\"https:\/\/gruene-weissach.de\/wp-content\/uploads\/2024\/04\/WolfgangHerdtle_3-4-400x533.jpg\" alt=\"\" width=\"400\" height=\"533\" srcset=\"https:\/\/gruene-weissach.de\/wp-content\/uploads\/2024\/04\/WolfgangHerdtle_3-4-400x533.jpg 400w, https:\/\/gruene-weissach.de\/wp-content\/uploads\/2024\/04\/WolfgangHerdtle_3-4-800x1066.jpg 800w, https:\/\/gruene-weissach.de\/wp-content\/uploads\/2024\/04\/WolfgangHerdtle_3-4-768x1024.jpg 768w, https:\/\/gruene-weissach.de\/wp-content\/uploads\/2024\/04\/WolfgangHerdtle_3-4.jpg 1093w\" sizes=\"auto, (max-width: 400px) 100vw, 400px\" \/><\/a><\/p>\n<p class=\"western\"><strong><span style=\"color: #282e21;\">Meine Hobbies und Interessen:<\/span><\/strong><\/p>\n<ul>\n<li><span style=\"color: #1a1a1a;\">Familie und Enkel, ich bin gerne in der Natur unterwegs; BUND-Mitglied, Tennis spielen<br \/>\n<\/span><\/li>\n<\/ul>\n<p class=\"western\"><strong><span style=\"color: #282e21;\">Meine Schwerpunkte f\u00fcr die Gemeinderatsarbeit<\/span><span style=\"color: #282e21;\">:<\/span><\/strong><\/p>\n<ul>\n<li><span style=\"color: #1a1a1a;\">Klimaschutz<\/span><\/li>\n<li><span style=\"color: #1a1a1a;\">Energiewende<\/span><\/li>\n<li><span style=\"color: #1a1a1a;\">Sozialer Zusammenhalt<\/span><\/li>\n<li><span style=\"color: #1a1a1a;\">Ehrenamt und Vereinsleben<\/span><\/li>\n<\/ul>\n<p>&nbsp;<\/p>\n<p>&nbsp;<\/p>\n<p>&nbsp;<\/p>\n<p>&nbsp;<\/p>\n<p>&nbsp;<\/p>\n<p>&nbsp;<\/p>\n<p>&nbsp;<\/p>\n<p>&nbsp;<\/p>\n<hr \/>\n<p><strong>Natalie Kaske<\/strong><br \/>\nGymnasiallehrerin<\/p>\n<p><a href=\"https:\/\/gruene-weissach.de\/?attachment_id=1465\" rel=\"attachment wp-att-1465\"><img loading=\"lazy\" decoding=\"async\" class=\"size-medium wp-image-1465 alignleft\" src=\"https:\/\/gruene-weissach.de\/wp-content\/uploads\/2024\/04\/NatalieKaske_3-4-400x533.jpg\" alt=\"\" width=\"400\" height=\"533\" srcset=\"https:\/\/gruene-weissach.de\/wp-content\/uploads\/2024\/04\/NatalieKaske_3-4-400x533.jpg 400w, https:\/\/gruene-weissach.de\/wp-content\/uploads\/2024\/04\/NatalieKaske_3-4-800x1066.jpg 800w, https:\/\/gruene-weissach.de\/wp-content\/uploads\/2024\/04\/NatalieKaske_3-4-768x1024.jpg 768w, https:\/\/gruene-weissach.de\/wp-content\/uploads\/2024\/04\/NatalieKaske_3-4-1152x1536.jpg 1152w, https:\/\/gruene-weissach.de\/wp-content\/uploads\/2024\/04\/NatalieKaske_3-4.jpg 1220w\" sizes=\"auto, (max-width: 400px) 100vw, 400px\" \/><\/a><\/p>\n<p class=\"western\"><strong><span style=\"color: #282e21;\">Meine Hobbies und Interessen:<\/span><\/strong><\/p>\n<ul>\n<li><span style=\"color: #282e21;\">Tanzen, weitere Sportarten, Natur <\/span><\/li>\n<\/ul>\n<p class=\"western\"><strong><span style=\"color: #282e21;\">Meine Schwerpunkte f\u00fcr die Gemeinderatsarbeit<\/span><span style=\"color: #282e21;\">:<\/span><\/strong><\/p>\n<ul>\n<li><span style=\"font-family: Courier New, serif;\"><span style=\"font-size: small;\"><span style=\"font-family: Arial, serif;\">mehr gr\u00fcn als grau: innerorts mehr und auch \u201ealternative\u201c Gr\u00fcnfl\u00e4chen schaffen mit \u00f6kologisch sinnvoller Bepflanzung sowie die Verbesserung der Artenvielfalt <\/span><\/span><\/span><\/li>\n<li><span style=\"font-family: Courier New, serif;\"><span style=\"font-size: small;\"><span style=\"font-family: Arial, serif;\">Erschlie\u00dfung von Leerst\u00e4nden und Baul\u00fccken sowie die Entwicklung alternativer Wohnformen wie Mehrgenerationenhaus als bezahlbaren Wohnraum f\u00fcr alle Generationen<\/span><\/span><\/span><\/li>\n<li><span style=\"font-family: Courier New, serif;\"><span style=\"font-size: small;\"><span style=\"font-family: Arial, serif;\"><span style=\"font-size: small;\">eine barrierefreie Gemeinde<\/span><\/span><\/span><\/span><\/li>\n<li><span style=\"font-family: Courier New, serif;\"><span style=\"font-size: small;\"><span style=\"font-family: Arial, serif;\"><span style=\"font-size: small;\">kluge Investitionen in Klimaschutz <\/span><\/span><\/span><\/span><\/li>\n<\/ul>\n<p>&nbsp;<\/p>\n<p>&nbsp;<\/p>\n<p>&nbsp;<\/p>\n<p>&nbsp;<\/p>\n<p>&nbsp;<\/p>\n<p>&nbsp;<\/p>\n<p>&nbsp;<\/p>\n<hr \/>\n<p><strong>Markus Hertel<\/strong><br \/>\nZimmerermeister<\/p>\n<p><a href=\"https:\/\/gruene-weissach.de\/?attachment_id=1462\" rel=\"attachment wp-att-1462\"><img loading=\"lazy\" decoding=\"async\" class=\"size-medium wp-image-1462 alignleft\" src=\"https:\/\/gruene-weissach.de\/wp-content\/uploads\/2024\/04\/MarkusHertel_3-4-400x533.jpg\" alt=\"\" width=\"400\" height=\"533\" srcset=\"https:\/\/gruene-weissach.de\/wp-content\/uploads\/2024\/04\/MarkusHertel_3-4-400x533.jpg 400w, https:\/\/gruene-weissach.de\/wp-content\/uploads\/2024\/04\/MarkusHertel_3-4-800x1067.jpg 800w, https:\/\/gruene-weissach.de\/wp-content\/uploads\/2024\/04\/MarkusHertel_3-4-768x1024.jpg 768w, https:\/\/gruene-weissach.de\/wp-content\/uploads\/2024\/04\/MarkusHertel_3-4.jpg 1091w\" sizes=\"auto, (max-width: 400px) 100vw, 400px\" \/><\/a><\/p>\n<p class=\"western\"><strong><span style=\"color: #282e21;\">Meine Hobbies und Interessen:\u00a0<\/span><\/strong><\/p>\n<ul>\n<li>alte Fahrr\u00e4der<\/li>\n<\/ul>\n<p class=\"western\"><strong><span style=\"color: #282e21;\">Meine Schwerpunkte f\u00fcr die Gemeinderatsarbeit<\/span><span style=\"color: #282e21;\">:<\/span><\/strong><\/p>\n<ul>\n<li><span style=\"color: #282e21;\">Insektenfreundliche Gemeinde <\/span><\/li>\n<li><span style=\"color: #282e21;\">Erhalt unseres Waldes <\/span><\/li>\n<li><span style=\"color: #282e21;\">Sichere Rad- und Schulwege<\/span><\/li>\n<\/ul>\n<p>&nbsp;<\/p>\n<p>&nbsp;<\/p>\n<p>&nbsp;<\/p>\n<p>&nbsp;<\/p>\n<p>&nbsp;<\/p>\n<p>&nbsp;<\/p>\n<p>&nbsp;<\/p>\n<p>&nbsp;<\/p>\n<p>&nbsp;<\/p>\n<hr \/>\n<p><strong>Fynn Zeyen<\/strong><br \/>\nSch\u00fcler<\/p>\n<p><a href=\"https:\/\/gruene-weissach.de\/?attachment_id=1455\" rel=\"attachment wp-att-1455\"><img loading=\"lazy\" decoding=\"async\" class=\"size-medium wp-image-1455 alignleft\" src=\"https:\/\/gruene-weissach.de\/wp-content\/uploads\/2024\/04\/FynnZeyen_3-4-400x533.jpg\" alt=\"\" width=\"400\" height=\"533\" srcset=\"https:\/\/gruene-weissach.de\/wp-content\/uploads\/2024\/04\/FynnZeyen_3-4-400x533.jpg 400w, https:\/\/gruene-weissach.de\/wp-content\/uploads\/2024\/04\/FynnZeyen_3-4-800x1066.jpg 800w, https:\/\/gruene-weissach.de\/wp-content\/uploads\/2024\/04\/FynnZeyen_3-4-768x1024.jpg 768w, https:\/\/gruene-weissach.de\/wp-content\/uploads\/2024\/04\/FynnZeyen_3-4-1152x1536.jpg 1152w, https:\/\/gruene-weissach.de\/wp-content\/uploads\/2024\/04\/FynnZeyen_3-4.jpg 1223w\" sizes=\"auto, (max-width: 400px) 100vw, 400px\" \/><\/a><\/p>\n<p class=\"western\"><strong><span style=\"color: #282e21;\">Meine Hobbies und Interessen:<\/span><\/strong><\/p>\n<ul>\n<li>\n<p class=\"western\">Tischtennis im Verein, Klavier spielen, Tanzen gehen<\/p>\n<\/li>\n<li>\n<p class=\"western\">Mitglied im CVJM, mit Freunden unterwegs sein<\/p>\n<\/li>\n<\/ul>\n<p class=\"western\"><strong><span style=\"color: #282e21;\">Meine Schwerpunkte f\u00fcr die Gemeinderatsarbeit<\/span><span style=\"color: #282e21;\">:<\/span><\/strong><\/p>\n<ul>\n<li><span style=\"color: #282e21;\">Dorfentwicklung unter nachhaltigen Aspekten<\/span><\/li>\n<li><span style=\"color: #282e21;\">sinnvolle Energieversorgung mit erneuerbaren Energien<br \/>\n<\/span><\/li>\n<li><span style=\"color: #282e21;\">\u00d6PNV Verbindung zu angrenzenden Landkreisen<\/span><\/li>\n<\/ul>\n<p>&nbsp;<\/p>\n<p>&nbsp;<\/p>\n<p>&nbsp;<\/p>\n<p>&nbsp;<\/p>\n<p>&nbsp;<\/p>\n<p>&nbsp;<\/p>\n<p>&nbsp;<\/p>\n<p>&nbsp;<\/p>\n<hr \/>\n<p><strong>Hermann Fauth<\/strong><br \/>\nMechanikermeister Maschinenbau<\/p>\n<p><a href=\"https:\/\/gruene-weissach.de\/?attachment_id=1456\" rel=\"attachment wp-att-1456\"><img loading=\"lazy\" decoding=\"async\" class=\"size-medium wp-image-1456 alignleft\" src=\"https:\/\/gruene-weissach.de\/wp-content\/uploads\/2024\/04\/HermannFauth_3-4-400x533.jpg\" alt=\"\" width=\"400\" height=\"533\" srcset=\"https:\/\/gruene-weissach.de\/wp-content\/uploads\/2024\/04\/HermannFauth_3-4-400x533.jpg 400w, https:\/\/gruene-weissach.de\/wp-content\/uploads\/2024\/04\/HermannFauth_3-4-800x1066.jpg 800w, https:\/\/gruene-weissach.de\/wp-content\/uploads\/2024\/04\/HermannFauth_3-4-768x1024.jpg 768w, https:\/\/gruene-weissach.de\/wp-content\/uploads\/2024\/04\/HermannFauth_3-4-1152x1536.jpg 1152w, https:\/\/gruene-weissach.de\/wp-content\/uploads\/2024\/04\/HermannFauth_3-4.jpg 1171w\" sizes=\"auto, (max-width: 400px) 100vw, 400px\" \/><\/a><\/p>\n<p class=\"western\"><strong><span style=\"color: #282e21;\">Meine Hobbies und Interessen:<\/span><\/strong><\/p>\n<ul>\n<li><span style=\"color: #282e21;\">Familie, Enkelkinder, unsere H\u00fcndin Matilda, Wandern, Reisen, Malen<\/span><\/li>\n<\/ul>\n<p class=\"western\"><strong><span style=\"color: #282e21;\">Meine Schwerpunkte f\u00fcr die Gemeinderatsarbeit<\/span><span style=\"color: #282e21;\">:<\/span><\/strong><\/p>\n<ul>\n<li><span style=\"color: #282e21;\">Nachhaltige Gemeindeentwicklung in allen Bereichen &#8211; Gr\u00fcne Ortsmitten<\/span><\/li>\n<li><span style=\"color: #282e21;\">Seniorengerechtes Wohnen und bezahlbarer Wohnraum<\/span><\/li>\n<li><span style=\"color: #282e21;\">Weiterentwicklung des Klimaschutzes<\/span><\/li>\n<li><span style=\"color: #282e21;\">Kommunale W\u00e4rmeplanung<\/span><\/li>\n<li><span style=\"color: #282e21;\">Schonender Umgang mit der Ressource Wald<\/span><\/li>\n<\/ul>\n<p>&nbsp;<\/p>\n<p>&nbsp;<\/p>\n<p>&nbsp;<\/p>\n<p>&nbsp;<\/p>\n<p>&nbsp;<\/p>\n<p>&nbsp;<\/p>\n<hr \/>\n<p><strong>Marion M\u00fcller<\/strong><br \/>\nRenterin<\/p>\n<p><a href=\"https:\/\/gruene-weissach.de\/?attachment_id=1461\" rel=\"attachment wp-att-1461\"><img loading=\"lazy\" decoding=\"async\" class=\"size-medium wp-image-1461 alignleft\" src=\"https:\/\/gruene-weissach.de\/wp-content\/uploads\/2024\/04\/MarionMueller_3-4-400x533.jpg\" alt=\"\" width=\"400\" height=\"533\" srcset=\"https:\/\/gruene-weissach.de\/wp-content\/uploads\/2024\/04\/MarionMueller_3-4-400x533.jpg 400w, https:\/\/gruene-weissach.de\/wp-content\/uploads\/2024\/04\/MarionMueller_3-4-800x1066.jpg 800w, https:\/\/gruene-weissach.de\/wp-content\/uploads\/2024\/04\/MarionMueller_3-4-768x1024.jpg 768w, https:\/\/gruene-weissach.de\/wp-content\/uploads\/2024\/04\/MarionMueller_3-4.jpg 1051w\" sizes=\"auto, (max-width: 400px) 100vw, 400px\" \/><\/a><\/p>\n<p class=\"western\"><strong><span style=\"color: #282e21;\">Meine Hobbies und Interessen:<\/span><\/strong><\/p>\n<ul>\n<li><span style=\"color: #282e21;\">Meine Ziegen und Garten <\/span><\/li>\n<\/ul>\n<p class=\"western\"><strong><span style=\"color: #282e21;\">Meine Schwerpunkte f\u00fcr die Gemeinderatsarbeit<\/span><span style=\"color: #282e21;\">:<\/span><\/strong><\/p>\n<ul>\n<li><span style=\"color: #282e21;\">Natur- und Umweltschutz in der Gemeinde<\/span><\/li>\n<li><span style=\"color: #282e21;\">Regionale und lokale Einkaufsm\u00f6glichkeiten f\u00f6rdern<\/span><\/li>\n<\/ul>\n<p>&nbsp;<\/p>\n<p>&nbsp;<\/p>\n<p>&nbsp;<\/p>\n<p>&nbsp;<\/p>\n<p>&nbsp;<\/p>\n<p>&nbsp;<\/p>\n<p>&nbsp;<\/p>\n<p>&nbsp;<\/p>\n<p>&nbsp;<\/p>\n<p>&nbsp;<\/p>\n<p>&nbsp;<\/p>\n<p>&nbsp;<\/p>\n<p>&nbsp;<\/p>\n<p>&nbsp;<\/p>\n","protected":false},"excerpt":{"rendered":"<p>\u00a0 Hintere Reihe von links: Michael Schumacher, Barbara Hodum, Fynn [&hellip;]<\/p>\n","protected":false},"author":1,"featured_media":0,"parent":1365,"menu_order":0,"comment_status":"closed","ping_status":"closed","template":"","meta":{"footnotes":""},"class_list":["post-1443","page","type-page","status-publish","hentry"],"_links":{"self":[{"href":"https:\/\/gruene-weissach.de\/index.php?rest_route=\/wp\/v2\/pages\/1443","targetHints":{"allow":["GET"]}}],"collection":[{"href":"https:\/\/gruene-weissach.de\/index.php?rest_route=\/wp\/v2\/pages"}],"about":[{"href":"https:\/\/gruene-weissach.de\/index.php?rest_route=\/wp\/v2\/types\/page"}],"author":[{"embeddable":true,"href":"https:\/\/gruene-weissach.de\/index.php?rest_route=\/wp\/v2\/users\/1"}],"replies":[{"embeddable":true,"href":"https:\/\/gruene-weissach.de\/index.php?rest_route=%2Fwp%2Fv2%2Fcomments&post=1443"}],"version-history":[{"count":28,"href":"https:\/\/gruene-weissach.de\/index.php?rest_route=\/wp\/v2\/pages\/1443\/revisions"}],"predecessor-version":[{"id":1496,"href":"https:\/\/gruene-weissach.de\/index.php?rest_route=\/wp\/v2\/pages\/1443\/revisions\/1496"}],"up":[{"embeddable":true,"href":"https:\/\/gruene-weissach.de\/index.php?rest_route=\/wp\/v2\/pages\/1365"}],"wp:attachment":[{"href":"https:\/\/gruene-weissach.de\/index.php?rest_route=%2Fwp%2Fv2%2Fmedia&parent=1443"}],"curies":[{"name":"wp","href":"https:\/\/api.w.org\/{rel}","templated":true}]}}