{"id":372,"date":"2019-04-09T12:48:18","date_gmt":"2019-04-09T10:48:18","guid":{"rendered":"https:\/\/gruene-weissach.de\/?page_id=372"},"modified":"2019-04-16T20:42:09","modified_gmt":"2019-04-16T18:42:09","slug":"gruene-kommunalpolitik-fuer-weissach-und-flacht","status":"publish","type":"page","link":"https:\/\/gruene-weissach.de\/?page_id=372","title":{"rendered":"Gr\u00fcne Kommunalpolitik f\u00fcr Weissach und Flacht"},"content":{"rendered":"<h3><strong><span style=\"color: #3ab03a;\">Einf\u00fchrung &#8211; Gr\u00fcn vor Ort in Weissach und Flacht<\/span><br \/>\n<\/strong><\/h3>\n<p><strong>Vor Ort, in der Stadt und der Gemeinde, gestalten wir das Zusammenleben. F\u00fcr heute, f\u00fcr morgen und \u00fcbermorgen. Hier ist Zukunft zuhause.<\/strong><\/p>\n<p><strong>Uns Gr\u00fcne leitet der Gedanke, dass gute Politik eine gute Zukunft erm\u00f6glichen muss.<\/strong> <strong>Wir Gr\u00fcne bewerben uns um Ihr Vertrauen, weil sich der Zusammenhalt unserer Gesellschaft und die Zukunft unseres Planeten auch vor Ort entscheiden. Gestalten wir miteinander eine gute Zukunft.<\/strong><\/p>\n<p><strong>Die Zeit ist reif f\u00fcr GR\u00dcNE Politik- Unterst\u00fctzen Sie uns mit<\/strong> <strong>Ihrer Stimme!<\/strong><\/p>\n<p>&nbsp;<\/p>\n<h4><span style=\"color: #3ab03a;\"><strong>Wir setzen auf \u00d6kologie &#8211; <\/strong><\/span><span style=\"color: #3ab03a;\"><strong>Klimaschutz<\/strong><\/span><\/h4>\n<p><strong>Das Klima von morgen bestimmen wir heute<\/strong><\/p>\n<p>Unser Planet ver\u00e4ndert sich. Schon deutlich sind die Ver\u00e4nderungen zu sp\u00fcren, die der Klimawandel mit sich bringt. Einige sagen, es ist schon viel zu sp\u00e4t, wir k\u00f6nnen nicht mehr aufhalten, was schon ins Rollen gebracht wurde. Wir sagen, retten wir, was noch zu retten ist, dass wir unseren Kindern und Enkel noch einen lebenswerten Planeten hinterlassen.<\/p>\n<p>Wir Gr\u00fcne k\u00e4mpfen leidenschaftlich f\u00fcr den Klima- und Umweltschutz, um eine lebenswerte Zukunft f\u00fcr Menschen und Natur zu sichern. \u00d6kologische Politik ist f\u00fcr uns Gr\u00fcne seit unserer Gr\u00fcndung das Herzensthema. Schlie\u00dflich haben wir die Erde von unseren Kindern nur geborgt.<\/p>\n<p>Wir setzen uns f\u00fcr ein <strong>nachhaltiges Klimaschutzkonzept f\u00fcr die Gemeinde<\/strong> \u00a0\u00a0und dessen zeitnahe Umsetzung ein.<\/p>\n<ul>\n<li>Wir setzen uns zum Ziel, unsere Gemeinde mit m\u00f6glichst <strong>dezentraler und klimaneutraler Energie zu versorgen.<\/strong><\/li>\n<li>Wir sorgen daf\u00fcr, dass alle <strong>\u00f6ffentlichen Einrichtungen und die der Wohnbau Weissach sowie anstehende Bauvorhaben ausschlie\u00dflich mit regenerativer Energie versorgt werden<\/strong> und initiieren <strong>ein Projekt zu Installation von Solaranlagen<\/strong> auf allen geeigneten D\u00e4chern von Gemeinde eigenen Geb\u00e4uden.<\/li>\n<li>Mit unseren Stimmen im Gemeinderat wollen wir uns f\u00fcr eine <strong>konsequente, \u00f6kologische Ausrichtung unserer Gemeinde in allen Bereichen einsetzen.<\/strong> (z.B. Schulen, Kitas, \u00f6ffentliche Beschaffung und Fuhrpark der Gemeinde,..)<\/li>\n<li>Wir machen uns stark f\u00fcr eine <strong>finanzielle F\u00f6rderung zur Umstellung von privaten Geb\u00e4uden in Plusenergieh\u00e4user.<\/strong><\/li>\n<li>Wichtig ist uns auch eine <strong>klimagerechte Produktion in der Landwirtschaft vor Ort.<\/strong><\/li>\n<\/ul>\n<p>&nbsp;<\/p>\n<h4><span style=\"color: #3ab03a;\"><strong>Wir setzen auf \u00d6kologie &#8211; <\/strong><\/span><span style=\"color: #37a63a;\"><strong>Umwelt und Natur<\/strong><\/span><\/h4>\n<h6><span style=\"color: #000000;\"><strong>Umwelt und Natur ist nicht alles, aber ohne Umwelt und Natur ist alles nichts.<\/strong><\/span><\/h6>\n<p>Unsere Gemeinde befindet sich noch in einem lebens- und liebenswerten l\u00e4ndlichen Raum. Es gilt diese Lebensqualit\u00e4t und die regionale Wirtschaft zu st\u00e4rken sowie Umwelt und Kulturlandschaften sch\u00fctzen \u2013 und zwar zusammen mit den Menschen vor Ort, die die Potenziale am besten kennen. Diese \u00f6kologische Vielfalt wollen wir bewahren, damit sich die Menschen in unserer Gemeinde auch in Zukunft wohl f\u00fchlen.<\/p>\n<ul>\n<li>Wir werden uns f\u00fcr den <strong>Erhalt der Artenvielfalt und den Schutz der Lebensr\u00e4ume, <\/strong>einsetzen, das ist unsere Lebensgrundlage.<\/li>\n<li>Wir haben uns zum Ziel gesetzt, in unserer Gemeinde <strong>nur \u00f6kologisch verantwortbaren Fl\u00e4chenverbrauch zuzulassen, denn weniger ist mehr!<\/strong><\/li>\n<li><strong>Wir wollen,\u2026<\/strong>\n<ul>\n<li>eine <strong>Umstellung auf biologischen Landbau<\/strong> f\u00f6rdern<\/li>\n<li>eine <strong>regionale Vermarktung unterst\u00fctzen und st\u00e4rken, <\/strong><strong>nach dem Motto: Lokal produzieren \u2013 Lokal konsumieren<\/strong><\/li>\n<\/ul>\n<\/li>\n<\/ul>\n<ul>\n<li><strong>landwirtschaftliche Produktionsfl\u00e4chen sichern und erhalten<\/strong><\/li>\n<\/ul>\n<ul>\n<li>Wir k\u00fcmmern uns darum, dass <strong>auf allen gemeindeeigenen Fl\u00e4chen keine Pflanzen- und Insektengifte eingesetzt werden und Weissach zur pestizidfreien Kommune in den \u00f6ffentlichen Bereichen wird.<\/strong> <strong>Wir f\u00f6rdern den landesweiten Biotopverbund<\/strong> und setzen uns daf\u00fcr ein, dass die notwendigen Fl\u00e4chen zur Verf\u00fcgung gestellt werden.<\/li>\n<li>Wir machen es uns zur Aufgabe, die noch verbliebene Landschaft unter Schutz zu stellen und m\u00f6chten dadurch unsere <strong>\u00f6rtliche Gastronomie mit \u00f6kologischem Tourismus f\u00f6rdern<\/strong> sowie die f\u00fcr uns alle wichtigen <strong>Naherholungsgebiete erhalten.<\/strong><\/li>\n<li>Wir machen uns stark f\u00fcr einen <strong>aktiven Tierschutz<\/strong> vor Ort.<\/li>\n<\/ul>\n<h3><\/h3>\n<h3><strong>Wir setzen auf Soziales &#8211; <\/strong><strong>Soziales und Kultur<\/strong><\/h3>\n<h5><span style=\"color: #000000;\"><strong>St\u00e4rken was uns zusammenh\u00e4lt<\/strong><\/span><\/h5>\n<p>Vielfalt bereichert unsere Gesellschaft \u2013 und das ist gut so. Deutschland ist ein reiches Land, aber auch ein ungleiches Land. Wir wollen eine Gesellschaft, in der alle Menschen gleichberechtigt und selbstbestimmt zusammenleben k\u00f6nnen.<\/p>\n<p>Es ist uns wichtig, dass auch in unserer Gemeinde alle dazu geh\u00f6ren und niemand ausgegrenzt wird. Ein gutes und respektvolles Miteinander ist f\u00fcr uns die Grundlage f\u00fcr ein friedliches Zusammenleben.<\/p>\n<ul>\n<li>Wir machen uns stark f\u00fcr f<strong>lexible und sozial gerechte Modelle der Kinderbetreuung<\/strong> und unterst\u00fctzen in <strong>gesundes Fr\u00fchst\u00fcck<\/strong> in Kindergarten und Schule.<\/li>\n<li>Wir machen es uns zur Aufgabe, <strong>ein gemeinschaftlichen Netzwerk von B\u00fcrgern f\u00fcr B\u00fcrger <\/strong>zu initiieren sowie <strong>Integrationsprojekte zu f\u00f6rdern<\/strong>.<\/li>\n<li><strong>Ehrenamtliches Engagement und ein vielf\u00e4ltiges Vereinsleben<\/strong> sind uns sehr wichtig.<\/li>\n<li>Wir setzen uns f\u00fcr eine <strong>bedarfsgerechte, finanzielle Unterst\u00fctzung von B\u00fcrger*innen zur gesellschaftlichen Teilhabe<\/strong> ein \u2013 Geb\u00fchren und Beitr\u00e4ge sollen mit Augenma\u00df erhoben werden, und nicht aus Prinzipientreue \u2013 dabei sollen sozialvert\u00e4gliche Gesichtspunkte ber\u00fccksichtigt werden. Kulturelle Teilhabe in der Gemeinde muss f\u00fcr alle m\u00f6glich sein.<\/li>\n<li>Ein <strong>barrierefreies Leben f\u00fcr Jung und Alt<\/strong> ist uns wichtig und wir setzen uns daf\u00fcr ein, <strong>dass \u00e4ltere Menschen umfassender informiert und unterst\u00fctzt werden<\/strong>.<\/li>\n<li>Wir wollen eine <strong>Verbesserung der Lebensqualit\u00e4t f\u00fcr Jung und Alt, <\/strong>zB. mit einem Mehrgenerationenhaus.<\/li>\n<li>Wir unterst\u00fctzen alle Ziele eine <strong>plastikfreie Kindergartenkommune<\/strong> zu werden.<\/li>\n<\/ul>\n<p>&nbsp;<\/p>\n<h4><span style=\"color: #3ab03a;\"><strong>Wir setzen auf neue Mobilit\u00e4t &#8211; <\/strong><\/span><span style=\"color: #37a63a;\"><strong>Verkehr und Mobilit\u00e4t<\/strong><\/span><\/h4>\n<h5><span style=\"color: #000000;\"><strong>Wir bewegen Weissach und Flacht \u2013 Notwendige Mobilit\u00e4t durch kreative Ideen gestalten<\/strong><\/span><\/h5>\n<p>Die Mobilit\u00e4t der Zukunft ist nachhaltig, klimaschonend, emissionsarm, leise, intelligent und vernetzt. Wir wollen den Weg in ein neues Mobilit\u00e4tszeitalter vor Ort mitgestalten.<\/p>\n<ul>\n<li>Wir setzen uns auf allen politischen Ebenen f\u00fcr eine <strong>bessere und attraktivere Vernetzung des \u00d6PNV mit den umliegenden Landkreise ein.<br \/>\n<\/strong><\/li>\n<li>Wir sorgen f\u00fcr <strong>ausreichende und sichere Stellpl\u00e4tze f\u00fcr Fahrr\u00e4der und E-Bikes an den Bushaltstellen.<\/strong><\/li>\n<li>Wir wollen in unserer Gemeinde ein <strong>Pilotprojekt initiieren, das den \u00f6ffentlichen Nahverkehr mit Car-und Bikesharing kombiniert.<\/strong><\/li>\n<li>Wir machen mobil <strong>f\u00fcr ein gleichberechtigtes, barrierefreies Miteinander von Fu\u00dfg\u00e4ngern, Radfahrern und Autofahrern.<\/strong><\/li>\n<li>Uns ist wichtig, eine <strong>neue Ortsmitte Weissach mit besonderer Wohn- und Lebensqualit\u00e4t mitzugestalten.<\/strong><\/li>\n<li>Unsere Marktpl\u00e4tze sollen <strong>zentrale Treffpunkte f\u00fcr ein soziales Miteinander werden.<\/strong><\/li>\n<li>Wir machen es uns zur Aufgabe, dass es im nahen Umkreis wieder <strong>ein verbilligtes Kurzstreckenticket gibt.<br \/>\n<\/strong><\/li>\n<li>Die <strong>Infrastuktur von E-Ladestationen<\/strong> m\u00f6chten wir durch einen weitere Lades\u00e4ulen verbessern.<\/li>\n<\/ul>\n<p>&nbsp;<\/p>\n<h4><span style=\"color: #3ab03a;\"><strong>Wir setzen auf Soziales &#8211; <\/strong><\/span><span style=\"color: #37a63a;\"><strong>Bauen und Wohnen<\/strong><\/span><\/h4>\n<h5><span style=\"color: #000000;\"><strong>Wir leben gerne in Weissach und Flacht<\/strong><\/span><\/h5>\n<p>Auch unsere Gemeinde ist ein Ort des Wandels und der Innovation, der Vitalit\u00e4t und der Vielfalt. Wir Gr\u00fcne wollen unsere Gemeinde lebenswert gestalten. Daf\u00fcr gibt es viel zu tun: Mieten steigen und werden f\u00fcr manche unbezahlbar. Leben und Wohnen in unserer Gemeinde muss f\u00fcr alle B\u00fcrger*innen erschwinglich sein. Neben bezahlbarem Wohnraum wollen wir sparsam mit Fl\u00e4chen umgehen und innovatives Bauen unterst\u00fctzen.<\/p>\n<ul>\n<li>Unser Anliegen ist es, eine <strong>Quote f\u00fcr bezahlbaren, familiengerechten Wohnraum<\/strong> zu schaffen.<\/li>\n<li>Wir k\u00fcmmern uns darum, dass <strong>Baul\u00fccken geschlossen werden<\/strong> und <strong>Wohnraumleerstand abgebaut wird.<\/strong><\/li>\n<li>Den <strong>sozialen Wohnungsbau<\/strong> haben wir im Blick und wollen diesen ausbauen.<\/li>\n<li>Wir helfen mit, dass <strong>alternative Wohnformen <\/strong>\u00fcber alle Generationen hinweg in unserer Gemeinde entwickelt und verwirklicht werden.<\/li>\n<\/ul>\n<p>&nbsp;<\/p>\n<h4><span style=\"color: #3ab03a;\"><strong>Wir setzen auf \u00d6konomie &#8211; <\/strong><\/span><span style=\"color: #37a63a;\"><strong>Wirtschaft und Finanzen<\/strong><\/span><\/h4>\n<h5><span style=\"color: #000000;\"><strong>Wir wirtschaften nachhaltig. Eine moderne B\u00fcrgergesellschaft ist uns wichtig<\/strong><\/span><\/h5>\n<p>Demokratie lebt von Mitbestimmung. B\u00fcrger*innen sollen nicht nur alle paar Jahre an die Urne gebeten werden, sondern \u00fcber Projekte, die sie betreffen, mitentscheiden k\u00f6nnen. Die fr\u00fchzeitige Beteiligung der B\u00fcrger*innen vor Ort soll jetzt gro\u00df geschrieben werden.<\/p>\n<p>Unsere Gemeinde befindet sich im Umbruch. Nach Jahren des finanziellen \u00dcberschusses m\u00fcssen wir nun mit deutlich geringeren Einnahmen auskommen.<\/p>\n<p>Die Gemeindefinanzen m\u00fcssen nachhaltig sein. Steuern und Abgaben d\u00fcrfen aber Personen mit geringen Einkommen nicht \u00fcberfordern.<\/p>\n<ul>\n<li>Wir wollen <strong>eine Politik des Geh\u00f6rtwerdens<\/strong> &#8211; mit mindestens zwei B\u00fcrger-versammlungen j\u00e4hrlich zu aktuellen Themen und eine <strong>fr\u00fchzeitige B\u00fcrgerbeteiligung<\/strong> mit Einbindung in die Planungsprozesse der Gemeinde.<\/li>\n<li>Wir sorgen daf\u00fcr, dass Einnahmen und Kosten, <strong>Geb\u00fchren und Beitr\u00e4ge in einem b\u00fcrgerfreundlichen und sozial gerechten Verh\u00e4ltnis stehen.<\/strong><\/li>\n<li>Wir wollen das <strong>Beschaffungswesen nach \u00f6kologischen und nachhaltigen Gesichtspunkten<\/strong> ausrichten und eine <strong>Zertifizierung als Fair Trade Gemeinde <\/strong>erreichen.<\/li>\n<li>Wir m\u00f6chten, dass der <strong>Lokale Agenda Prozess mit Perspektive 2035<\/strong> (Pariser Klimaabkommen, COP 21) wieder initiiert wird.<\/li>\n<li>Wir setzen uns f\u00fcr <strong>kostenlose WLAN Hotspots <\/strong>an zentralen Punkten in der Gemeinde sowie einen <strong>z\u00fcgigen, fl\u00e4chendeckenden Breitbandausbau<\/strong> in der Gemeinde ein.<\/li>\n<\/ul>\n<p>&nbsp;<\/p>\n<p>&nbsp;<\/p>\n<p>&nbsp;<\/p>\n<p>&nbsp;<\/p>\n<p>&nbsp;<\/p>\n<p>&nbsp;<\/p>\n","protected":false},"excerpt":{"rendered":"<p>Einf\u00fchrung &#8211; Gr\u00fcn vor Ort in Weissach und Flacht Vor [&hellip;]<\/p>\n","protected":false},"author":1,"featured_media":0,"parent":11,"menu_order":0,"comment_status":"closed","ping_status":"closed","template":"","meta":{"footnotes":""},"class_list":["post-372","page","type-page","status-publish","hentry"],"_links":{"self":[{"href":"https:\/\/gruene-weissach.de\/index.php?rest_route=\/wp\/v2\/pages\/372","targetHints":{"allow":["GET"]}}],"collection":[{"href":"https:\/\/gruene-weissach.de\/index.php?rest_route=\/wp\/v2\/pages"}],"about":[{"href":"https:\/\/gruene-weissach.de\/index.php?rest_route=\/wp\/v2\/types\/page"}],"author":[{"embeddable":true,"href":"https:\/\/gruene-weissach.de\/index.php?rest_route=\/wp\/v2\/users\/1"}],"replies":[{"embeddable":true,"href":"https:\/\/gruene-weissach.de\/index.php?rest_route=%2Fwp%2Fv2%2Fcomments&post=372"}],"version-history":[{"count":14,"href":"https:\/\/gruene-weissach.de\/index.php?rest_route=\/wp\/v2\/pages\/372\/revisions"}],"predecessor-version":[{"id":418,"href":"https:\/\/gruene-weissach.de\/index.php?rest_route=\/wp\/v2\/pages\/372\/revisions\/418"}],"up":[{"embeddable":true,"href":"https:\/\/gruene-weissach.de\/index.php?rest_route=\/wp\/v2\/pages\/11"}],"wp:attachment":[{"href":"https:\/\/gruene-weissach.de\/index.php?rest_route=%2Fwp%2Fv2%2Fmedia&parent=372"}],"curies":[{"name":"wp","href":"https:\/\/api.w.org\/{rel}","templated":true}]}}