{"id":1526,"date":"2024-09-23T19:04:40","date_gmt":"2024-09-23T17:04:40","guid":{"rendered":"https:\/\/gruene-weissach.de\/?post_type=sunflower_event&#038;p=1526"},"modified":"2025-03-14T11:30:40","modified_gmt":"2025-03-14T10:30:40","slug":"vorankuendigung-1-weissacher-radboerse","status":"publish","type":"sunflower_event","link":"https:\/\/gruene-weissach.de\/?sunflower_event=vorankuendigung-1-weissacher-radboerse","title":{"rendered":"Einladung zur 1. Weissacher Radb\u00f6rse"},"content":{"rendered":"<h6 class=\"moz-quote-pre\">1. Weissacher Radb\u00f6rse<\/h6>\n<p><strong>Herzliche Einladung zum Mitmachen und Vorbeikommen bei der ersten Weissacher Radb\u00f6rse!<\/strong><\/p>\n<p class=\"moz-quote-pre\" style=\"padding-left: 40px;\"><strong>Termin: 15.03.2025, 10:00 bis 14:00 Uhr<\/strong><\/p>\n<p class=\"moz-quote-pre\" style=\"padding-left: 40px;\"><strong>Achtung neuer Ort: Strickfabrik Weissach<\/strong><\/p>\n<p>Gekauft und verkauft werden k\u00f6nnen von Privat an Privat, also in Eigenregie:<\/p>\n<ul>\n<li>R\u00e4der aller Art mit und ohne elektrischen Antrieb<\/li>\n<li>Fahrradanh\u00e4nger<\/li>\n<li>Kinderr\u00e4der, Kinderroller, Drei- und Laufr\u00e4der<\/li>\n<li>Sommerliche Spiel- und Sportger\u00e4te (z.B. Rollschuhe, Inliner, Tennisschl\u00e4ger, Outdoor-Trampoline, \u2026.u.v.m.)<\/li>\n<\/ul>\n<p>Den Preis legt der Verkaufende selbst fest.<\/p>\n<p>Die Anmeldung erfolgt vor Ort an unserem Stand in der Raiffeisenstra\u00dfe zum Zugang beim Marktplatz. Dort bekommt ihr einen Platz zugewiesen.<\/p>\n<p>Musterverkaufsvertr\u00e4ge erhaltet ihr von uns bei Anmeldung auf Wunsch.<\/p>\n<p>Die Vermittlungsgeb\u00fchr betr\u00e4gt 2 Euro pro Verkaufsgegenstand und ist bei der Anmeldung vor Ort zu zahlen.<\/p>\n<p>Au\u00dferdem haben wir ein tolles Rahmenprogramm f\u00fcr euch organisiert:<\/p>\n<ul>\n<li><strong>Der ADFC bietet ein Fahrradcodierung an.<\/strong><\/li>\n<\/ul>\n<p style=\"padding-left: 40px;\"><span style=\"color: #467886;\"><span style=\"color: #000000;\">Eine Fahrradcodierung durch den ADFC erm\u00f6glicht die schnelle Identifizierung des rechtm\u00e4\u00dfigen Eigent\u00fcmers eines sichergestellten oder aufgefundenen Fahrrades<\/span><\/span>.\u00a0<span style=\"color: #467886;\"><a href=\"https:\/\/www.bing.com\/ck\/a?!&amp;&amp;p=11ee5dcd876d8d983821d648eb9c9f67163aa6b5e3293f7ca06100bea1265bc7JmltdHM9MTczMzM1NjgwMA&amp;ptn=3&amp;ver=2&amp;hsh=4&amp;fclid=03908f93-c8ce-6753-18cb-9a96c9646612&amp;psq=fahrradcodierung+adfc&amp;u=a1aHR0cHM6Ly90b2VsLXdvci5hZGZjLmRlL2FydGlrZWwvZmFocnJhZC1jb2RpZXJ1bmctMTI&amp;ntb=1\" target=\"_blank\" rel=\"noopener\"><span style=\"color: #000000;\">Die Codierung soll helfen, Fahrraddiebst\u00e4hle zu vermeiden und aufzukl\u00e4ren<\/span><\/a><\/span>.<\/p>\n<ul>\n<li><strong>Das eldorado Rutesheim mit Dirk Grimm bietet einen kostenlosen Radcheck f\u00fcr euch an.<\/strong> Au\u00dferdem werden Lastenr\u00e4der vorgestellt. Hier k\u00f6nnt ihr euch unverbindlich informieren.<\/li>\n<\/ul>\n<p>Auf f\u00fcr Essen und Trinken ist gesorgt. Die Klassen 3b und 6 der Gemeinschaftsschule Weissach bieten Kaffee und einen Kuchenverkauf an.<\/p>\n<p class=\"moz-quote-pre\"><strong>Wir freuen uns auf viele R\u00e4der und fahrradbegeisterte B\u00fcrger*innen!<\/strong><\/p>\n<p><img loading=\"lazy\" decoding=\"async\" class=\"size-large wp-image-1605 alignnone\" src=\"https:\/\/gruene-weissach.de\/wp-content\/uploads\/2025\/03\/radboerse-plakat3-3_25-800x800.jpg\" alt=\"\" width=\"640\" height=\"640\" srcset=\"https:\/\/gruene-weissach.de\/wp-content\/uploads\/2025\/03\/radboerse-plakat3-3_25-800x800.jpg 800w, https:\/\/gruene-weissach.de\/wp-content\/uploads\/2025\/03\/radboerse-plakat3-3_25-400x400.jpg 400w, https:\/\/gruene-weissach.de\/wp-content\/uploads\/2025\/03\/radboerse-plakat3-3_25-150x150.jpg 150w, https:\/\/gruene-weissach.de\/wp-content\/uploads\/2025\/03\/radboerse-plakat3-3_25-768x768.jpg 768w, https:\/\/gruene-weissach.de\/wp-content\/uploads\/2025\/03\/radboerse-plakat3-3_25.jpg 1134w\" sizes=\"auto, (max-width: 640px) 100vw, 640px\" \/><\/p>\n<p>&nbsp;<\/p>\n<p>In Zusammenarbeit mit dem ADFC<\/p>\n<p><img loading=\"lazy\" decoding=\"async\" class=\"size-large wp-image-1579 alignnone\" src=\"https:\/\/gruene-weissach.de\/wp-content\/uploads\/2025\/01\/ADFC-Gruppe-Renningen-u.-Nordkreis-BB-NEU-color-800x337.jpg\" alt=\"\" width=\"640\" height=\"270\" srcset=\"https:\/\/gruene-weissach.de\/wp-content\/uploads\/2025\/01\/ADFC-Gruppe-Renningen-u.-Nordkreis-BB-NEU-color-800x337.jpg 800w, https:\/\/gruene-weissach.de\/wp-content\/uploads\/2025\/01\/ADFC-Gruppe-Renningen-u.-Nordkreis-BB-NEU-color-400x169.jpg 400w, https:\/\/gruene-weissach.de\/wp-content\/uploads\/2025\/01\/ADFC-Gruppe-Renningen-u.-Nordkreis-BB-NEU-color-768x324.jpg 768w, https:\/\/gruene-weissach.de\/wp-content\/uploads\/2025\/01\/ADFC-Gruppe-Renningen-u.-Nordkreis-BB-NEU-color.jpg 1191w\" sizes=\"auto, (max-width: 640px) 100vw, 640px\" \/><\/p>\n<p>&nbsp;<\/p>\n<p>&nbsp;<\/p>\n<p>&nbsp;<\/p>\n<p>&nbsp;<\/p>\n","protected":false},"excerpt":{"rendered":"<p>1. Weissacher Radb\u00f6rse am 15.03.2025<\/p>\n","protected":false},"author":1,"featured_media":0,"comment_status":"closed","ping_status":"closed","template":"","sunflower_event_tag":[65,63,64,62],"class_list":["post-1526","sunflower_event","type-sunflower_event","status-publish","hentry","sunflower_event_tag-adfc","sunflower_event_tag-fahrradcheck","sunflower_event_tag-fahrradcodierung","sunflower_event_tag-radboerse"],"_links":{"self":[{"href":"https:\/\/gruene-weissach.de\/index.php?rest_route=\/wp\/v2\/sunflower_event\/1526","targetHints":{"allow":["GET"]}}],"collection":[{"href":"https:\/\/gruene-weissach.de\/index.php?rest_route=\/wp\/v2\/sunflower_event"}],"about":[{"href":"https:\/\/gruene-weissach.de\/index.php?rest_route=\/wp\/v2\/types\/sunflower_event"}],"author":[{"embeddable":true,"href":"https:\/\/gruene-weissach.de\/index.php?rest_route=\/wp\/v2\/users\/1"}],"replies":[{"embeddable":true,"href":"https:\/\/gruene-weissach.de\/index.php?rest_route=%2Fwp%2Fv2%2Fcomments&post=1526"}],"wp:attachment":[{"href":"https:\/\/gruene-weissach.de\/index.php?rest_route=%2Fwp%2Fv2%2Fmedia&parent=1526"}],"wp:term":[{"taxonomy":"sunflower_event_tag","embeddable":true,"href":"https:\/\/gruene-weissach.de\/index.php?rest_route=%2Fwp%2Fv2%2Fsunflower_event_tag&post=1526"}],"curies":[{"name":"wp","href":"https:\/\/api.w.org\/{rel}","templated":true}]}}